{"id":51,"date":"2017-11-08T15:16:03","date_gmt":"2017-11-08T15:16:03","guid":{"rendered":"https:\/\/ewakalinska.com\/?page_id=51"},"modified":"2026-04-27T22:41:39","modified_gmt":"2026-04-27T22:41:39","slug":"wystawy","status":"publish","type":"page","link":"https:\/\/ewakalinska.com\/?page_id=51","title":{"rendered":"Wystawy"},"content":{"rendered":"<p>[et_pb_section fb_built=&#8221;1&#8243; admin_label=&#8221;section&#8221; _builder_version=&#8221;4.27.4&#8243; background_color=&#8221;#000000&#8243; min_height=&#8221;1024.6px&#8221; custom_margin=&#8221;-4px||-8px||false|false&#8221; custom_padding=&#8221;50px|0px|63px|0px|false|false&#8221; global_colors_info=&#8221;{}&#8221;][et_pb_row admin_label=&#8221;row&#8221; _builder_version=&#8221;4.16&#8243; background_size=&#8221;initial&#8221; background_position=&#8221;top_left&#8221; background_repeat=&#8221;repeat&#8221; global_colors_info=&#8221;{}&#8221;][et_pb_column type=&#8221;4_4&#8243; _builder_version=&#8221;4.16&#8243; custom_padding=&#8221;|||&#8221; global_colors_info=&#8221;{}&#8221; custom_padding__hover=&#8221;|||&#8221;][et_pb_text admin_label=&#8221;Text&#8221; _builder_version=&#8221;4.27.4&#8243; text_text_color=&#8221;#FFFFFF&#8221; text_font_size=&#8221;17px&#8221; background_size=&#8221;initial&#8221; background_position=&#8221;top_left&#8221; background_repeat=&#8221;repeat&#8221; global_colors_info=&#8221;{}&#8221;]<\/p>\n<p><strong>SOLO EXHIBITIONS<\/strong><\/p>\n<ul>\n<li><a href=\"https:\/\/ewakalinska.com\/?page_id=6472\">&#8221; Artistic Fabric. In Full Bloom&#8221; ZPAP Gallery Gda\u0144sk, Poland, 2 December &#8211; 31 December \u00a02019<\/a>\u00a0<\/li>\n<li><a href=\"https:\/\/ewakalinska.com\/?page_id=6216\">&#8221; Paintings Stitched with Sensitivity &#8220;Gallery GTPS, ul.Chlebnicka 2, Gda\u0144sk , 31 May &#8211; 2 Jully 2019<\/a><\/li>\n<li><a href=\"https:\/\/ewakalinska.com\/?page_id=5762\">\u201eI am\u201d, exhibition of drawings and artistic fabrics, ZPAP gallery, Gdansk, Poland, 14 November \u2013 3 December 2017<\/a><\/li>\n<li><a href=\"https:\/\/ewakalinska.com\/?page_id=5832\">\u201eBetween\u201d, exhibition of paintings, GSA Gallery, Gdansk, Poland, 13 March \u2013 30 March 2017<\/a><\/li>\n<li><a href=\"https:\/\/ewakalinska.com\/?page_id=5856\">\u201eArtistic Fabric\u201d, Eva Mulroy Gallery, Miami, USA, September 2012 \u2013 February 2013<\/a><\/li>\n<li><a href=\"https:\/\/ewakalinska.com\/?page_id=5870\">\u201eDrawing\u201d Kazimiera Zajaczkowska\u2019s Gallery, Gdansk, Poland 30 July \u2013 6 August 2012<\/a><\/li>\n<li><a href=\"https:\/\/ewakalinska.com\/?page_id=5886\">\u201eEmotions\u201d, Il Leone gallery, Rome, Italy, 18-22 December 2010<\/a><\/li>\n<li><a href=\"https:\/\/ewakalinska.com\/?page_id=5918\">\u201eClassicism and Modernity: Combined in Colors\u201d, Museum Villa Vecchia, Rome, Italy, 5-13 December 2010<\/a><\/li>\n<li><a href=\"https:\/\/ewakalinska.com\/?page_id=5948\">\u201eIn Search of Harmony\u201d, Glaza Expo Design gallery, Gdansk, Poland, June 2006<\/a><\/li>\n<li><a href=\"https:\/\/ewakalinska.com\/?page_id=5977\">\u201eDebut\u201d, Alternatywa gallery, Gdansk, Poland, December 2005<span style=\"font-size: 14px;\">\u00a0<\/span><\/a><\/li>\n<\/ul>\n<p><strong>GROUP EXHIBITIONS<\/strong><br \/><strong><\/strong><\/p>\n<ul>\n<li>\n<p><a href=\"https:\/\/ewakalinska.com\/?page_id=7202\">International Plaza, Boca Raton, Florida, USA, 25 March 2026 &#8211; February 2027<\/a><\/p>\n<\/li>\n<li><a href=\"https:\/\/ewakalinska.com\/?page_id=6332&amp;et_fb=1&amp;PageSpeed=off\">&#8220;Winter Holiday Exhibition&#8221;, Dom Liter Gallery, Gda\u0144sk, Poland, 7-30 November 2025<\/a><\/li>\n<li>\n<p><a href=\"https:\/\/ewakalinska.com\/?page_id=7055&amp;et_fb=1&amp;PageSpeed=off\">International Plaza, Boca Raton, Florida, USA, April 2025 &#8211; January 2026<\/a><\/p>\n<\/li>\n<li><a href=\"https:\/\/ewakalinska.com\/?page_id=6532\">&#8220;100 Years of GTPS , Polish Baltic Philharmornic , Gda\u0144sk , Poland \u00a0September 2022<\/a><\/li>\n<li><a href=\"https:\/\/ewakalinska.com\/?page_id=6130\">\u201eFreedom in Art 3 Generations\u201d Exhibition of the Artists of the Gdansk District of ZPAP, Forum Gdansk, November 2018.<\/a><\/li>\n<li><a href=\"https:\/\/ewakalinska.com\/?page_id=5715\">Celebration of the 60th Anniversary of the Gdansk Society of the Friends of Art, Saint John, Gdansk, Poland, August 2018.<\/a><span class=\"Apple-converted-space\"> <\/span><\/li>\n<li><a href=\"https:\/\/ewakalinska.com\/?page_id=5812\">\u201eExhibition Masters\u2019 works of GSA, Department of Modern Art of the National Museum, Gdansk, Poland, 20 May 2017<\/a><\/li>\n<li><a href=\"https:\/\/ewakalinska.com\/?page_id=5994\">\u201eNatale di Roma\u201d, Cascina Farsetti, <span>International Art Contest, <\/span>\u00a0Rome, Italy, April 2010<\/a><\/li>\n<li><a href=\"https:\/\/ewakalinska.com\/?page_id=6016\">\u201eI Colori della Polonia a Roma\u201d, Cascina Farsetti Rome, Italy, March 2010<\/a><strong style=\"font-size: 14px;\"><\/strong><\/li>\n<\/ul>\n<p>\u00a0<strong style=\"font-size: 14px;\">ART CONTEST<\/strong><\/p>\n<p><strong style=\"font-size: 14px;\"><\/strong><\/p>\n<ul>\n<li><span style=\"font-size: 14px;\"><\/span><a href=\"https:\/\/ewakalinska.com\/?page_id=6043\" style=\"font-size: 14px;\">First Prize in the Internationale Art Contest \u201eNatale di Roma\u201d, Cascina Farsetti, Rome, Italy, April 2010<\/a><\/li>\n<\/ul>\n<p>[\/et_pb_text][\/et_pb_column][\/et_pb_row][\/et_pb_section]<\/p>\n","protected":false},"excerpt":{"rendered":"<p>SOLO EXHIBITIONS &#8221; Artistic Fabric. In Full Bloom&#8221; ZPAP Gallery Gda\u0144sk, Poland, 2 December &#8211; 31 December \u00a02019\u00a0 &#8221; Paintings Stitched with Sensitivity &#8220;Gallery GTPS, ul.Chlebnicka 2, Gda\u0144sk , 31 May &#8211; 2 Jully 2019 \u201eI am\u201d, exhibition of drawings and artistic fabrics, ZPAP gallery, Gdansk, Poland, 14 November \u2013 3 December 2017 \u201eBetween\u201d, exhibition of paintings, GSA Gallery, Gdansk, Poland, 13 March \u2013 30 March 2017 \u201eArtistic Fabric\u201d, Eva Mulroy Gallery, Miami, USA, September 2012 \u2013 February 2013 \u201eDrawing\u201d Kazimiera Zajaczkowska\u2019s Gallery, Gdansk, Poland 30 July \u2013 6 August 2012 \u201eEmotions\u201d, Il Leone gallery, Rome, Italy, 18-22 December 2010 \u201eClassicism and Modernity: Combined in Colors\u201d, Museum Villa Vecchia, Rome, Italy, 5-13 December 2010 \u201eIn Search of Harmony\u201d, Glaza Expo Design gallery, Gdansk, Poland, June 2006 \u201eDebut\u201d, Alternatywa gallery, Gdansk, Poland, December 2005\u00a0 GROUP EXHIBITIONS International Plaza, Boca Raton, Florida, USA, 25 March 2026 &#8211; February 2027 &#8220;Winter Holiday Exhibition&#8221;, Dom Liter Gallery, Gda\u0144sk, Poland, 7-30 November 2025 International Plaza, Boca Raton, Florida, USA, April 2025 &#8211; January 2026 &#8220;100 Years of GTPS , Polish Baltic Philharmornic , Gda\u0144sk , Poland \u00a0September 2022 \u201eFreedom in Art 3 Generations\u201d Exhibition of the Artists of the Gdansk District of ZPAP, Forum Gdansk, [&hellip;]<\/p>\n","protected":false},"author":3,"featured_media":0,"parent":0,"menu_order":0,"comment_status":"closed","ping_status":"closed","template":"","meta":{"_et_pb_use_builder":"on","_et_pb_old_content":"<strong>WYSTAWY INDYWIDUALNE<\/strong>\r\n<ul>\r\n \t<li>\u201eJestem\u201d wystawa rysunku i tkaniny, galeria ZPAP ul. Piwna 67\/68 Gda\u0144sk, Polska, 14 listopada \u2013 3 grudnia 2017<\/li>\r\n \t<li>\u201ePomi\u0119dzy\u201d, wystawa malarstwa, GSA Galeria Manhattan, Gda\u0144sk, 13.03 \u2013 30.03 2017<\/li>\r\n \t<li>\u201eTkanina Artystyczna\u201d,\u00a0Eva Mulroy\u00a0Gallery, Miami, USA, wrzesie\u0144 2012 \u2013 luty 2013<\/li>\r\n \t<li>\u201eRysunek\u201d, galeria Kazimiery Zaj\u0105czkowskiej, Gda\u0144sk, Polska, sierpie\u0144 2012<\/li>\r\n \t<li>\u201eEmozzioni\u201d, \u201eEmocje\u201d, galeria Il Leone, Rzym, W\u0142ochy, grudzie\u0144 2010<\/li>\r\n \t<li>\u201eClassicita e modernita: connubio nel colore\u201d, \u201eKlasyka i nowoczesno\u015b\u0107 po\u0142\u0105czone w kolorze\u201d, Rzym, W\u0142ochy, grudzie\u0144 2010<\/li>\r\n \t<li>\u201eW poszukiwaniu harmonii\u201d, galeria Glaza Expo Design, Gda\u0144sk, Polska, czerwiec 2006<\/li>\r\n \t<li>\u201eDebiut\u201d, galeria Alternatywa, Gda\u0144sk, Polska, grudzie\u0144 2005<\/li>\r\n<\/ul>\r\n\u00a0\r\n\r\n<strong>WYSTAWY GRUPOW<\/strong>\r\n<ul>\r\n \t<li>Obchody 60-lecia Gda\u0144skiego Towarzystwa Przyjaci\u00f3\u0142 Sztuki, Centrum \u015aw. Jana, Gda\u0144sk sierpie\u0144 2018r.<span class=\"Apple-converted-space\">\u00a0<\/span><\/li>\r\n \t<li>\u201eWystawa Prac Mistrz\u00f3w Gda\u0144skiej Szko\u0142y Artystycznej\u201d, Oddzia\u0142 Sztuki Nowoczesnej Muzeum Narodowego w Gda\u0144sku, 20 maja 2017<\/li>\r\n \t<li>\u201eNatale di Roma\u201d, Cascina Farsetti, Rzym, W\u0142ochy, kwiecie\u0144 2010<\/li>\r\n \t<li>\u201eI Colori della Polonia a Roma\u201d, \u201eKolory polskie w Rzymie\u201d, Cascina Farsetti, Rzym, W\u0142ochy, marzec 2010<\/li>\r\n<\/ul>\r\n<strong>KONKURSY<\/strong>\r\n<ul>\r\n \t<li>Pierwsza Nagroda w Mi\u0119dzynarodowym Konkursie \u201eNatale di Roma\u201d, Cascina Farsetti, Rzym, W\u0142ochy, kwiecie\u0144 2010<\/li>\r\n<\/ul>","_et_gb_content_width":"","footnotes":""},"class_list":["post-51","page","type-page","status-publish","hentry"],"_links":{"self":[{"href":"https:\/\/ewakalinska.com\/index.php?rest_route=\/wp\/v2\/pages\/51","targetHints":{"allow":["GET"]}}],"collection":[{"href":"https:\/\/ewakalinska.com\/index.php?rest_route=\/wp\/v2\/pages"}],"about":[{"href":"https:\/\/ewakalinska.com\/index.php?rest_route=\/wp\/v2\/types\/page"}],"author":[{"embeddable":true,"href":"https:\/\/ewakalinska.com\/index.php?rest_route=\/wp\/v2\/users\/3"}],"replies":[{"embeddable":true,"href":"https:\/\/ewakalinska.com\/index.php?rest_route=%2Fwp%2Fv2%2Fcomments&post=51"}],"version-history":[{"count":79,"href":"https:\/\/ewakalinska.com\/index.php?rest_route=\/wp\/v2\/pages\/51\/revisions"}],"predecessor-version":[{"id":7226,"href":"https:\/\/ewakalinska.com\/index.php?rest_route=\/wp\/v2\/pages\/51\/revisions\/7226"}],"wp:attachment":[{"href":"https:\/\/ewakalinska.com\/index.php?rest_route=%2Fwp%2Fv2%2Fmedia&parent=51"}],"curies":[{"name":"wp","href":"https:\/\/api.w.org\/{rel}","templated":true}]}}